{"id":97,"date":"2022-04-21T17:38:41","date_gmt":"2022-04-21T15:38:41","guid":{"rendered":"https:\/\/gymnasium-rheindahlen.de\/?page_id=97"},"modified":"2022-04-21T17:42:46","modified_gmt":"2022-04-21T15:42:46","slug":"datenschutzerklaerung-2","status":"publish","type":"page","link":"https:\/\/gymnasium-rheindahlen.de\/index.php\/datenschutzerklaerung-2\/","title":{"rendered":"Datenschutzerkl\u00e4rung"},"content":{"rendered":"\n<h5 class=\"wp-block-heading\">Name und Anschrift des Verantwortlichen<\/h5>\n\n\n\n<p>Der Verantwortliche im Sinne der Datenschutz-Grundverordnung und anderer nationaler Datenschutzgesetze der Mitgliedsstaaten sowie sonstiger datenschutzrechtlicher Bestimmungen ist:<\/p>\n\n\n\n<p>Gymnasium Rheindahlen<\/p>\n\n\n\n<p>Geusenstra\u00dfe 29<\/p>\n\n\n\n<p>41179 M\u00f6nchengladbach<\/p>\n\n\n\n<p>Deutschland<\/p>\n\n\n\n<p>Telefon +49(0)-2161 58856-0<\/p>\n\n\n\n<p>E-Mail: verwaltung@gymnasium-rheindahlen.de<\/p>\n\n\n\n<p>Website:&nbsp;<a href=\"https:\/\/gymnasium-rheindahlen.de\/\">www.gymnasium-rheindahlen.de<\/a><\/p>\n\n\n\n<h5 class=\"wp-block-heading\">Name und Anschrift des Datenschutzbeauftragten<\/h5>\n\n\n\n<p>Der Datenschutzbeauftragte des Verantwortlichen ist:<\/p>\n\n\n\n<p>Christoph G\u00fcnschmann, OStR<\/p>\n\n\n\n<p>Waldesrand 7<\/p>\n\n\n\n<p>41179 M\u00f6nchengladbach<\/p>\n\n\n\n<p>Deutschland<\/p>\n\n\n\n<p>Telefon: +49 (0)-176 \u2013 48684176<\/p>\n\n\n\n<p>E-Mail: cgsman2@gmail.com<\/p>\n\n\n\n<p>Website: www.gymnasium-rheindahlen.de<\/p>\n\n\n\n<h2 class=\"wp-block-heading\">Allgemeine Hinweise<\/h2>\n\n\n\n<h5 class=\"wp-block-heading\">1. Umfang der Verarbeitung personenbezogener Daten<\/h5>\n\n\n\n<p>Wir verarbeiten personenbezogene Daten unserer Nutzer grunds\u00e4tzlich nur, soweit dies zur Bereitstellung einer funktionsf\u00e4higen Website sowie unserer Inhalte und Leistungen erforderlich ist. Die Verarbeitung personenbezogener Daten unserer Nutzer erfolgt regelm\u00e4\u00dfig nur nach Einwilligung des Nutzers. Eine Ausnahme gilt in solchen F\u00e4llen, in denen eine vorherige Einholung einer Einwilligung aus tats\u00e4chlichen Gr\u00fcnden nicht m\u00f6glich ist und die Verarbeitung der Daten durch gesetzliche Vorschriften gestattet ist.<\/p>\n\n\n\n<h5 class=\"wp-block-heading\">2. Rechtsgrundlage f\u00fcr die Verarbeitung personenbezogener Daten<\/h5>\n\n\n\n<p>Soweit wir f\u00fcr Verarbeitungsvorg\u00e4nge personenbezogener Daten eine Einwilligung der betroffenen Person einholen, dient Art.&nbsp;6 Abs.&nbsp;1 lit.&nbsp;a EU-Datenschutzgrundverordnung (DSGVO) als Rechtsgrundlage.<\/p>\n\n\n\n<p>Bei der Verarbeitung von personenbezogenen Daten, die zur Erf\u00fcllung eines Vertrages, dessen Vertragspartei die betroffene Person ist, erforderlich ist, dient Art.&nbsp;6 Abs.&nbsp;1 lit.&nbsp;b DSGVO als Rechtsgrundlage. Dies gilt auch f\u00fcr Verarbeitungsvorg\u00e4nge, die zur Durchf\u00fchrung vorvertraglicher Ma\u00dfnahmen erforderlich sind.<\/p>\n\n\n\n<p>Soweit eine Verarbeitung personenbezogener Daten zur Erf\u00fcllung einer rechtlichen Verpflichtung erforderlich ist, der unser Unternehmen unterliegt, dient Art.&nbsp;6 Abs.&nbsp;1 lit.&nbsp;c DSGVO als Rechtsgrundlage.<\/p>\n\n\n\n<p>F\u00fcr den Fall, dass lebenswichtige Interessen der betroffenen Person oder einer anderen nat\u00fcrlichen Person eine Verarbeitung personenbezogener Daten erforderlich machen, dient Art.&nbsp;6 Abs.&nbsp;1 lit.&nbsp;d DSGVO als Rechtsgrundlage.<\/p>\n\n\n\n<p>Ist die Verarbeitung zur Wahrung eines berechtigten Interesses unseres Unternehmens oder eines Dritten erforderlich und \u00fcberwiegen die Interessen, Grundrechte und Grundfreiheiten des Betroffenen das erstgenannte Interesse nicht, so dient Art.&nbsp;6 Abs.&nbsp;1 lit.&nbsp;f DSGVO als Rechtsgrundlage f\u00fcr die Verarbeitung.<\/p>\n\n\n\n<h5 class=\"wp-block-heading\">3. Datenl\u00f6schung und Speicherdauer<\/h5>\n\n\n\n<p>Die personenbezogenen Daten der betroffenen Person werden gel\u00f6scht oder gesperrt, sobald der Zweck der Speicherung entf\u00e4llt. Eine Speicherung kann dar\u00fcber hinaus erfolgen, wenn dies durch den europ\u00e4ischen oder nationalen Gesetzgeber in unionsrechtlichen Verordnungen, Gesetzen oder sonstigen Vorschriften, denen der Verantwortliche unterliegt, vorgesehen wurde. Eine Sperrung oder L\u00f6schung der Daten erfolgt auch dann, wenn eine durch die genannten Normen vorgeschriebene Speicherfrist abl\u00e4uft, es sei denn, dass eine Erforderlichkeit zur weiteren Speicherung der Daten f\u00fcr einen Vertragsabschluss oder eine Vertragserf\u00fcllung besteht.<\/p>\n\n\n\n<h2 class=\"wp-block-heading\">Bereitstellung der Website und Erstellung von Logfiles<\/h2>\n\n\n\n<h5 class=\"wp-block-heading\">1. Beschreibung und Umfang der Datenverarbeitung<\/h5>\n\n\n\n<p>Bei jedem Aufruf unserer Internetseite erfasst unser System automatisiert Daten und Informationen vom Computersystem des aufrufenden Rechners.<\/p>\n\n\n\n<p>Folgende Daten werden hierbei erhoben:<\/p>\n\n\n\n<ol class=\"wp-block-list\"><li><em>Informationen \u00fcber den Browsertyp und die verwendete Version<\/em><\/li><li><em>Das Betriebssystem des Nutzers<\/em><\/li><li><em>Die IP-Adresse des Nutzers<\/em><\/li><li><em>Datum und Uhrzeit des Zugriffs<\/em><\/li><\/ol>\n\n\n\n<p>Die Daten werden ebenfalls in den Logfiles unseres Providers ( 1&amp;1) gespeichert. Eine Speicherung dieser Daten zusammen mit anderen personenbezogenen Daten des Nutzers findet&nbsp;nicht&nbsp;statt.<\/p>\n\n\n\n<h5 class=\"wp-block-heading\">2. Rechtsgrundlage f\u00fcr die Datenverarbeitung<\/h5>\n\n\n\n<p>Rechtsgrundlage f\u00fcr die vor\u00fcbergehende Speicherung der Daten und der Logfiles ist Art.&nbsp;6 Abs.&nbsp;1 lit.&nbsp;f DSGVO und Art.&nbsp;6 Abs.&nbsp;1 lit.&nbsp;f DSGVO.<\/p>\n\n\n\n<h5 class=\"wp-block-heading\">3. Zweck der Datenverarbeitung<\/h5>\n\n\n\n<p>Die vor\u00fcbergehende Speicherung der IP-Adresse durch das System ist notwendig, um eine Auslieferung der Website an den Rechner des Nutzers zu erm\u00f6glichen. Hierf\u00fcr muss die IP-Adresse des Nutzers f\u00fcr die Dauer der Sitzung gespeichert bleiben.<\/p>\n\n\n\n<p>Die Speicherung in Logfiles erfolgt, um die Funktionsf\u00e4higkeit der Website sicherzustellen. Zudem dienen uns die Daten zur Optimierung der Website und zur Sicherstellung der Sicherheit unserer informationstechnischen Systeme. Eine Auswertung der Daten zu Marketingzwecken findet in diesem Zusammenhang nicht statt.<\/p>\n\n\n\n<p>In diesen Zwecken liegt auch unser berechtigtes Interesse an der Datenverarbeitung nach Art.&nbsp;6 Abs.&nbsp;1 lit.&nbsp;f DSGVO.<\/p>\n\n\n\n<h5 class=\"wp-block-heading\">4. Dauer der Speicherung<\/h5>\n\n\n\n<p>Die Daten werden gel\u00f6scht, sobald sie f\u00fcr die Erreichung des Zweckes ihrer Erhebung nicht mehr erforderlich sind.<\/p>\n\n\n\n<h5 class=\"wp-block-heading\">5. Widerspruchs- und Beseitigungsm\u00f6glichkeit<\/h5>\n\n\n\n<p>Die Erfassung der Daten zur Bereitstellung der Website und die Speicherung der Daten in Logfiles ist f\u00fcr den Betrieb der Internetseite zwingend erforderlich. Es besteht folglich seitens des Nutzers keine Widerspruchsm\u00f6glichkeit.<\/p>\n\n\n\n<h2 class=\"wp-block-heading\">Verwendung von Cookies<\/h2>\n\n\n\n<p>Unsere Webseite verwendet Cookies. Bei Cookies handelt es sich um Textdateien, die im Internetbrowser bzw. vom Internetbrowser auf dem Computersystem des Nutzers gespeichert werden. Ruft ein Nutzer eine Website auf, so kann ein Cookie auf dem Betriebssystem des Nutzers gespeichert werden. Dieser Cookie enth\u00e4lt eine charakteristische Zeichenfolge, die eine eindeutige Identifizierung des Browsers beim erneuten Aufrufen der Website erm\u00f6glicht.<\/p>\n\n\n\n<p>Die&nbsp;<strong>Rechtsgrundlage<\/strong>&nbsp;f\u00fcr die Verarbeitung personenbezogener Daten unter Verwendung technisch notweniger Cookies ist Art.&nbsp;6 Abs.&nbsp;1 lit.&nbsp;f DSGVO.<\/p>\n\n\n\n<p><strong>Der Zweck der Verwendung<\/strong>&nbsp;technisch notwendiger Cookies ist, die Nutzung von Websites f\u00fcr die Nutzer zu vereinfachen. Einige Funktionen unserer Internetseite k\u00f6nnen ohne den Einsatz von Cookies nicht angeboten werden. F\u00fcr diese ist es erforderlich, dass der Browser auch nach einem Seitenwechsel wiedererkannt wird.<\/p>\n\n\n\n<p>F\u00fcr folgende Anwendungen ben\u00f6tigen wir Cookies:<\/p>\n\n\n\n<p>\u2192 Merken von Suchbegriffen, Orientierungssteuerdaten<\/p>\n\n\n\n<ul class=\"wp-block-list\"><li>Die durch technisch notwendige Cookies erhobenen Nutzerdaten werden nicht zur Erstellung von Nutzerprofilen verwendet.<\/li><li>Cookies werden auf dem Rechner des Nutzers gespeichert und von diesem an unserer Seite \u00fcbermittelt. Daher haben Sie als Nutzer auch die volle Kontrolle \u00fcber die Verwendung von Cookies. Durch eine \u00c4nderung der Einstellungen in Ihrem Internetbrowser k\u00f6nnen Sie die \u00dcbertragung von Cookies deaktivieren oder einschr\u00e4nken. Bereits gespeicherte Cookies k\u00f6nnen jederzeit gel\u00f6scht werden. Dies kann auch automatisiert erfolgen. Werden Cookies f\u00fcr unsere Website deaktiviert, k\u00f6nnen m\u00f6glicherweise nicht mehr alle Funktionen der Website vollumf\u00e4nglich genutzt werden.<\/li><\/ul>\n\n\n\n<h2 class=\"wp-block-heading\">Kontaktformular und E-Mail-Kontakt<\/h2>\n\n\n\n<h5 class=\"wp-block-heading\">1. Beschreibung und Umfang der Datenverarbeitung<\/h5>\n\n\n\n<p>Auf unserer Internetseite ist ein Kontaktformular vorhanden, welches f\u00fcr die elektronische Kontaktaufnahme genutzt werden kann. Nimmt ein Nutzer diese M\u00f6glichkeit wahr, so werden die in der Eingabemaske eingegeben Daten an uns \u00fcbermittelt und gespeichert.<\/p>\n\n\n\n<p>Diese Daten sind Ihre sichtbaren Eingabedaten, also: Name \/ Vorname \/ eMail-Adresse \/ Telefonnr. \/ Nachricht<\/p>\n\n\n\n<p>Es erfolgt in diesem Zusammenhang keine Weitergabe der Daten an Dritte. Die Daten werden ausschlie\u00dflich f\u00fcr die Verarbeitung der Konversation verwendet.<\/p>\n\n\n\n<h5 class=\"wp-block-heading\">2. Rechtsgrundlage f\u00fcr die Datenverarbeitung<\/h5>\n\n\n\n<p>Rechtsgrundlage f\u00fcr die Verarbeitung der Daten ist bei Vorliegen einer Einwilligung des Nutzers Art.&nbsp;6 Abs.&nbsp;1 lit.&nbsp;a DSGVO.<\/p>\n\n\n\n<p>Rechtsgrundlage f\u00fcr die Verarbeitung der Daten, die im Zuge einer \u00dcbersendung einer E-Mail \u00fcbermittelt werden, ist Art.&nbsp;6 Abs.&nbsp;1 lit.&nbsp;f DSGVO. Zielt der E-Mail-Kontakt auf den Abschluss eines Vertrages ab, so ist zus\u00e4tzliche Rechtsgrundlage f\u00fcr die Verarbeitung Art.&nbsp;6 Abs.&nbsp;1 lit.&nbsp;b DSGVO.<\/p>\n\n\n\n<h5 class=\"wp-block-heading\">3. Zweck der Datenverarbeitung<\/h5>\n\n\n\n<p>Die Verarbeitung der personenbezogenen Daten aus der Eingabemaske dient uns allein zur Bearbeitung der Kontaktaufnahme. Im Falle einer Kontaktaufnahme per E-Mail liegt hieran auch das erforderliche berechtigte Interesse an der Verarbeitung der Daten.<\/p>\n\n\n\n<p>Die sonstigen w\u00e4hrend des Absendevorgangs verarbeiteten personenbezogenen Daten dienen dazu, einen Missbrauch des Kontaktformulars zu verhindern und die Sicherheit unserer informationstechnischen Systeme sicherzustellen.<\/p>\n\n\n\n<h5 class=\"wp-block-heading\">4. Dauer der Speicherung<\/h5>\n\n\n\n<p>Die Daten werden gel\u00f6scht, sobald sie f\u00fcr die Erreichung des Zweckes ihrer Erhebung nicht mehr erforderlich sind. F\u00fcr die personenbezogenen Daten aus der Eingabemaske des Kontaktformulars und diejenigen, die per E-Mail \u00fcbersandt wurden, ist dies dann der Fall, wenn die jeweilige Konversation mit dem Nutzer beendet ist. Beendet ist die Konversation dann, wenn sich aus den Umst\u00e4nden entnehmen l\u00e4sst, dass der betroffene Sachverhalt abschlie\u00dfend gekl\u00e4rt ist.<\/p>\n\n\n\n<p>Die w\u00e4hrend des Absendevorgangs zus\u00e4tzlich erhobenen personenbezogenen Daten werden sp\u00e4testens nach einer Frist von sieben Tagen gel\u00f6scht.<\/p>\n\n\n\n<h1 class=\"wp-block-heading\">Ihre generellen Rechte als betroffene Person<\/h1>\n\n\n\n<p>Werden (personenbezogene) Daten von Ihnen verarbeitet, sind Sie Betroffene\/r im Sinne der Datenschutz-Grundverordnung. Sie haben damit verschiedene Rechte gegen\u00fcber der Verantwortlichen bzw. der verantwortlichen Stelle (E-Mail an die Schule) in Hinblick auf die \u00fcber Sie gespeicherten Daten:<\/p>\n\n\n\n<ul class=\"wp-block-list\"><li>Auskunft \u00fcber die Daten, die \u00fcber Sie gespeichert werden.<\/li><li>Recht auf Berichtigung: Sofern inkorrekte Daten gespeichert werden, k\u00f6nnen Sie die Verantwortlichen auffordern, dies zu tun. Die Verantwortlichen werden der Aufforderung nachkommen, sofern die Korrektur berechtigt und angemessen ist.<\/li><li>Recht auf L\u00f6schung: Sie haben einen Anspruch darauf, dass Daten gel\u00f6scht werden, die tats\u00e4chlich falsch sind oder f\u00fcr die die Verantwortlichen keinen weiteren Zweck haben. Ein Recht auf L\u00f6schung von Daten besteht nicht, wenn die Verantwortlichen verpflichtet sind, die Daten aus gesetzlichen Gr\u00fcnden oder durch andere Verpflichtungen noch vorzuhalten.<\/li><li>Widerspruchsrecht: Sie k\u00f6nnen der weiteren Nutzung der Daten widersprechen. Dies kann nur in die Zukunft hinein wirksam werden. Das Widerspruchsrecht ist keine automatische Verpflichtung zur L\u00f6schung der Daten f\u00fcr die Verantwortlichen. Sofern die Verantwortlichen Speicherpflichten aus anderen Gr\u00fcnden haben, werden sie dies abw\u00e4gen und Sie informieren.<\/li><li>Daten\u00fcbertragbarkeit: Sie haben einen Anspruch, Daten, die von Ihnen selbst erfasst wurden, in einem elektronischen Format zu erhalten, das f\u00fcr die Nutzung an anderer Stelle eingesetzt werden kann. Das Recht ist beschr\u00e4nkt auf Daten, die nicht einem anderen Recht unterliegen und daher nicht an andere Stellen \u00fcbertragen werden d\u00fcrfen oder die Rechte Dritter (z.B. Urheberrecht) betreffen.<\/li><li>Beschwerderecht: Im Falle eines Versto\u00dfes gegen gesetzliche Bestimmungen zum Schutz der \u00fcber Sie gespeicherten Daten k\u00f6nnen Sie sich an die zust\u00e4ndige Aufsichtsbeh\u00f6rde (Berliner Beauftragte f\u00fcr Datenschutz und Informationsfreiheit,&nbsp;<a href=\"https:\/\/datenschutz-berlin.de\/\">https:\/\/datenschutz-berlin.de<\/a>) wenden. Bitte sprechen Sie zuerst die verarbeitende Stelle, die Verantwortliche bzw. die beh\u00f6rdliche Datenschutzbeauftragte an (siehe oben, Punkt 2). In den meisten F\u00e4llen lassen sich dadurch Fragen kl\u00e4ren und Beschwerden l\u00f6sen.<\/li><li>Recht auf Widerruf: Der Nutzer hat jederzeit die M\u00f6glichkeit, seine Einwilligung zur Verarbeitung der personenbezogenen Daten zu widerrufen. Nimmt der Nutzer per E-Mail Kontakt mit uns auf, so kann er der Speicherung seiner personenbezogenen Daten jederzeit widersprechen. In einem solchen Fall kann die Konversation nicht fortgef\u00fchrt werden.<\/li><\/ul>\n\n\n\n<p>Bitte nehmen Sie in diesem Fall Kontakt \u00fcber die im \u201eKontakt\u201c genannten Adressen \/ Telefonnummern der Schule auf !<\/p>\n\n\n\n<p>Alle personenbezogenen Daten, die im Zuge der Kontaktaufnahme gespeichert wurden, werden in diesem Fall gel\u00f6scht.<\/p>\n","protected":false},"excerpt":{"rendered":"<p>Name und Anschrift des Verantwortlichen Der Verantwortliche im Sinne der Datenschutz-Grundverordnung und anderer nationaler Datenschutzgesetze der Mitgliedsstaaten sowie sonstiger datenschutzrechtlicher [&hellip;]<\/p>\n","protected":false},"author":1,"featured_media":0,"parent":0,"menu_order":0,"comment_status":"closed","ping_status":"closed","template":"","meta":{"ngg_post_thumbnail":0,"footnotes":""},"class_list":["post-97","page","type-page","status-publish","hentry"],"featured_image_src":null,"_links":{"self":[{"href":"https:\/\/gymnasium-rheindahlen.de\/index.php\/wp-json\/wp\/v2\/pages\/97","targetHints":{"allow":["GET"]}}],"collection":[{"href":"https:\/\/gymnasium-rheindahlen.de\/index.php\/wp-json\/wp\/v2\/pages"}],"about":[{"href":"https:\/\/gymnasium-rheindahlen.de\/index.php\/wp-json\/wp\/v2\/types\/page"}],"author":[{"embeddable":true,"href":"https:\/\/gymnasium-rheindahlen.de\/index.php\/wp-json\/wp\/v2\/users\/1"}],"replies":[{"embeddable":true,"href":"https:\/\/gymnasium-rheindahlen.de\/index.php\/wp-json\/wp\/v2\/comments?post=97"}],"version-history":[{"count":2,"href":"https:\/\/gymnasium-rheindahlen.de\/index.php\/wp-json\/wp\/v2\/pages\/97\/revisions"}],"predecessor-version":[{"id":99,"href":"https:\/\/gymnasium-rheindahlen.de\/index.php\/wp-json\/wp\/v2\/pages\/97\/revisions\/99"}],"wp:attachment":[{"href":"https:\/\/gymnasium-rheindahlen.de\/index.php\/wp-json\/wp\/v2\/media?parent=97"}],"curies":[{"name":"wp","href":"https:\/\/api.w.org\/{rel}","templated":true}]}}