{"id":334,"date":"2022-09-16T10:38:42","date_gmt":"2022-09-16T08:38:42","guid":{"rendered":"https:\/\/gymnasium-rheindahlen.de\/?page_id=334"},"modified":"2023-11-08T17:03:07","modified_gmt":"2023-11-08T16:03:07","slug":"foerderverein","status":"publish","type":"page","link":"https:\/\/gymnasium-rheindahlen.de\/index.php\/foerderverein\/","title":{"rendered":"F\u00f6rderverein"},"content":{"rendered":"\r\n<h3 class=\"wp-block-heading\">Aufgaben und Ziele des Vereins<\/h3>\r\n\r\n\r\n\r\n<p>Die Gemeinschaft der Freunde und F\u00f6rderer des St\u00e4dtischen Gymnasiums Rheindahlen e.V. oder kurz \u201eder F\u00f6rderverein&#8220; ist ein Zusammenschluss von Eltern, Ehemaligen, Freunden und ortsans\u00e4ssigen Unternehmen, die die Schule und die Sch\u00fcler unterst\u00fctzen.<\/p>\r\n\r\n\r\n\r\n<p>Dem Verein geh\u00f6ren derzeit etwa 300 Mitglieder an.<\/p>\r\n\r\n\r\n\r\n<p>Der aktuelle Vorstand des F\u00f6rdervereins setzt sich aus vier Vertretern der Elternschaft zusammen.<\/p>\r\n\r\n\r\n\r\n<p><strong>Als Vorstand wurden gew\u00e4hlt:<\/strong><\/p>\r\n\r\n\r\n\r\n<p>1. Vorsitzender: Christian Hof<\/p>\r\n\r\n\r\n\r\n<p>2. Vorsitzender: Markus Spinnen<\/p>\r\n\r\n\r\n\r\n<p>Kassierer: Mike F\u00e4rber<\/p>\r\n\r\n\r\n\r\n<p>Schriftf\u00fchrer: Daniel Aretz<\/p>\r\n\r\n\r\n\r\n<h3 class=\"wp-block-heading\">Ziele<\/h3>\r\n\r\n\r\n\r\n<p>Der F\u00f6rderverein m\u00f6chte die Sch\u00fclerinnen und Sch\u00fcler des Gymnasiums Rheindahlen f\u00f6rdern, indem wir ihnen M\u00f6glichkeiten er\u00f6ffnen, die das Angebot der Schule sinnvoll erg\u00e4nzen. Er versteht sich in vielen Projekten als finanzielles und organisatorisches Hilfsmittel f\u00fcr die Schule und die Sch\u00fcler. Er unterst\u00fctzt die Lehrer bei ihren fachlichen und p\u00e4dagogischen Aufgaben sowie die Sch\u00fcler bei der Erreichung ihrer Lernziele durch bessere r\u00e4umliche, technische und soziale Rahmenbedingungen.<\/p>\r\n\r\n\r\n\r\n<p>So ist beispielsweise eine ausreichende Ausstattung der Schule mit modernen Lernmitteln wie Computern oder sonstigen Pr\u00e4sentationsmedien f\u00fcr viele Eltern und Sch\u00fcler ein ebenso wichtiges Entscheidungskriterium bei der Schulwahl wie die Lebendigkeit, welche nicht selten in einem engen Zusammenhang mit der Vielzahl der &#8211; h\u00e4ufig ehrenamtlich angebotenen &#8211; Arbeitsgemeinschaften&nbsp;steht. \u00dcber die Ausweitung der Lern- und Besch\u00e4ftigungsm\u00f6glichkeiten erh\u00f6ht sich die Attraktivit\u00e4t der Schule f\u00fcr aktuelle und zuk\u00fcnftige Sch\u00fclerinnen und Sch\u00fcler.<\/p>\r\n\r\n\r\n\r\n<h3 class=\"wp-block-heading\">Konkrete Beispiele gef\u00f6rderter Projekte der j\u00fcngeren Vergangenheit finden sich in den Bereichen<\/h3>\r\n\r\n\r\n\r\n<p>\u2022 des internationalen Sch\u00fcleraustauschprogramms \u201eInternational Education&#8220;<\/p>\r\n\r\n\r\n\r\n<p>\u2022 der Unterst\u00fctzung von Sch\u00fclern in finanzieller Notlage, um ihnen die Teilnahme an schulischen Aktivit\u00e4ten zu erm\u00f6glichen<\/p>\r\n\r\n\r\n\r\n<p>\u2022 der finanziellen Unterst\u00fctzung schulischer Projekte, wie z. B. der gezielten F\u00f6rderung von schw\u00e4cheren Sch\u00fclern durch&nbsp; Lese- und Rechtschreibtests f\u00fcr die unteren Klassen<\/p>\r\n\r\n\r\n\r\n<p>\u2022 der Unterst\u00fctzung der z. T. von Eltern mit gro\u00dfem Engagement ins Leben gerufenen Arbeitsgemeinschaften<\/p>\r\n\r\n\r\n\r\n<p>\u2022 der F\u00f6rderung des Projektes \u201eSchule gegen Rassismus&#8220;<\/p>\r\n\r\n\r\n\r\n<p>\u2022 der Aufrechterhaltung der Sauberkeit in den Schultoiletten<\/p>\r\n\r\n\r\n\r\n<p>Die Verwendung der finanziellen Beitr\u00e4ge des F\u00f6rdervereins erfolgt dabei stets nach dem Prinzip der Erg\u00e4nzungsfinanzierung. Erst nach Aussch\u00f6pfung aller \u00f6ffentlichen Mittel engagiert sich der F\u00f6rderverein f\u00fcr Projekte, die ansonsten nicht oder in einem nicht ausreichenden Umfang umgesetzt werden k\u00f6nnen. Bei der Priorisierung der Projekte wird darauf geachtet, dass der Nutzen der Umsetzung einer m\u00f6glichst gro\u00dfen Anzahl von Sch\u00fclern des Gymnasiums direkt zugute kommt.<\/p>\r\n\r\n\r\n\r\n<p><strong>Machen Sie mit:<\/strong><\/p>\r\n\r\n\r\n\r\n<p><em>Gemeinschaft der Freunde und F\u00f6rderer&nbsp;<\/em><em>des Gymnasiums Rheindahlen<\/em><em><br>Geusenstra\u00dfe 29<br>41179 M\u00f6nchengladbach<\/em><\/p>\r\n\r\n\r\n\r\n<p><em>IBAN:<\/em><em> DE50 3106 0517 2020 4000 16<br>BIC: <\/em><em>GENODED1MRB<br>Institut:&nbsp;<\/em>Volksbank M\u00f6nchengladbach<\/p>\r\n\r\n\r\n\r\n<p><em>IBAN: DE 79 31 05 0000 000 30 52 636<br>BIC: MG LSD E 33 XXX<br>Institut: Stadtsparkasse M\u00f6nchengladbach<\/em><\/p>\r\n\r\n\r\n\r\n<p>Sie k\u00f6nnen den F\u00f6rderverein unter <strong>fv-gym-rheindahlen@gmx.de<\/strong> kontaktieren.<\/p>\r\n\r\n\r\n\r\n<p>Hier k\u00f6nnen Sie das&nbsp;<strong>Anmeldefomular<\/strong>&nbsp;f\u00fcr die Aufnahme in den F\u00f6rderverein herunterladen:<\/p>\r\n\r\n\r\n\r\n<div data-wp-interactive=\"core\/file\" class=\"wp-block-file\"><object data-wp-bind--hidden=\"!state.hasPdfPreview\" hidden class=\"wp-block-file__embed\" style=\"width: 100%; height: 600px;\" data=\"https:\/\/gymnasium-rheindahlen.de\/wp-content\/uploads\/2022\/09\/FV-Aufnahmeantrag.pdf\" type=\"application\/pdf\" width=\"300\" height=\"150\" aria-label=\"Einbettung von Einbettung von FV-Aufnahmeantrag..\"><\/object><a id=\"wp-block-file--media-0cf08da0-09e8-43c6-b75b-f135fb827c4f\" href=\"https:\/\/gymnasium-rheindahlen.de\/wp-content\/uploads\/2022\/09\/FV-Aufnahmeantrag.pdf\">FV-Aufnahmeantrag<\/a><a class=\"wp-block-file__button\" href=\"https:\/\/gymnasium-rheindahlen.de\/wp-content\/uploads\/2022\/09\/FV-Aufnahmeantrag.pdf\" download=\"\" aria-describedby=\"wp-block-file--media-0cf08da0-09e8-43c6-b75b-f135fb827c4f\">Herunterladen<\/a><\/div>\r\n","protected":false},"excerpt":{"rendered":"<p>Aufgaben und Ziele des Vereins Die Gemeinschaft der Freunde und F\u00f6rderer des St\u00e4dtischen Gymnasiums Rheindahlen e.V. oder kurz \u201eder F\u00f6rderverein&#8220; [&hellip;]<\/p>\n","protected":false},"author":1,"featured_media":0,"parent":0,"menu_order":0,"comment_status":"closed","ping_status":"closed","template":"","meta":{"ngg_post_thumbnail":0,"footnotes":""},"class_list":["post-334","page","type-page","status-publish","hentry"],"featured_image_src":null,"_links":{"self":[{"href":"https:\/\/gymnasium-rheindahlen.de\/index.php\/wp-json\/wp\/v2\/pages\/334","targetHints":{"allow":["GET"]}}],"collection":[{"href":"https:\/\/gymnasium-rheindahlen.de\/index.php\/wp-json\/wp\/v2\/pages"}],"about":[{"href":"https:\/\/gymnasium-rheindahlen.de\/index.php\/wp-json\/wp\/v2\/types\/page"}],"author":[{"embeddable":true,"href":"https:\/\/gymnasium-rheindahlen.de\/index.php\/wp-json\/wp\/v2\/users\/1"}],"replies":[{"embeddable":true,"href":"https:\/\/gymnasium-rheindahlen.de\/index.php\/wp-json\/wp\/v2\/comments?post=334"}],"version-history":[{"count":5,"href":"https:\/\/gymnasium-rheindahlen.de\/index.php\/wp-json\/wp\/v2\/pages\/334\/revisions"}],"predecessor-version":[{"id":2281,"href":"https:\/\/gymnasium-rheindahlen.de\/index.php\/wp-json\/wp\/v2\/pages\/334\/revisions\/2281"}],"wp:attachment":[{"href":"https:\/\/gymnasium-rheindahlen.de\/index.php\/wp-json\/wp\/v2\/media?parent=334"}],"curies":[{"name":"wp","href":"https:\/\/api.w.org\/{rel}","templated":true}]}}